{"id":449,"date":"2017-05-29T18:02:15","date_gmt":"2017-05-29T16:02:15","guid":{"rendered":"https:\/\/hausderfamilieblog.wordpress.com\/?page_id=4"},"modified":"2024-10-20T20:57:49","modified_gmt":"2024-10-20T18:57:49","slug":"kontakt","status":"publish","type":"page","link":"https:\/\/hausderfamilie.org\/index.php\/kontakt\/","title":{"rendered":"Haus der Familie"},"content":{"rendered":"<p>Im HAUS DER FAMILIE finden Sie bunte und generations\u00fcbergreifende Angebote f\u00fcr die Familie. Dazu gibt es hier Informationen zu \u00d6ffnungszeiten und Ansprechpartnern.<\/p>\n<p><!--more--><img data-recalc-dims=\"1\" loading=\"lazy\" decoding=\"async\" data-attachment-id=\"25\" data-permalink=\"https:\/\/hausderfamilie.org\/druck\/\" data-orig-file=\"https:\/\/i0.wp.com\/hausderfamilie.org\/wp-content\/uploads\/2017\/05\/hdf_logo_rgb_big-e1496148855987.jpg?fit=400%2C255&amp;ssl=1\" data-orig-size=\"400,255\" data-comments-opened=\"1\" data-image-meta=\"{&quot;aperture&quot;:&quot;0&quot;,&quot;credit&quot;:&quot;&quot;,&quot;camera&quot;:&quot;&quot;,&quot;caption&quot;:&quot;&quot;,&quot;created_timestamp&quot;:&quot;0&quot;,&quot;copyright&quot;:&quot;&quot;,&quot;focal_length&quot;:&quot;0&quot;,&quot;iso&quot;:&quot;0&quot;,&quot;shutter_speed&quot;:&quot;0&quot;,&quot;title&quot;:&quot;&quot;,&quot;orientation&quot;:&quot;0&quot;}\" data-image-title=\"Druck\" data-image-description=\"\" data-image-caption=\"\" data-large-file=\"https:\/\/i0.wp.com\/hausderfamilie.org\/wp-content\/uploads\/2017\/05\/hdf_logo_rgb_big-e1496148855987.jpg?fit=400%2C255&amp;ssl=1\" class=\"wp-image-25 size-medium alignright\" src=\"https:\/\/i0.wp.com\/hausderfamilie.org\/wp-content\/uploads\/2017\/05\/hdf_logo_rgb_big-e1496148855987-300x191.jpg?resize=300%2C191&#038;ssl=1\" alt=\"\" width=\"300\" height=\"191\" srcset=\"https:\/\/i0.wp.com\/hausderfamilie.org\/wp-content\/uploads\/2017\/05\/hdf_logo_rgb_big-e1496148855987.jpg?resize=300%2C191&amp;ssl=1 300w, https:\/\/i0.wp.com\/hausderfamilie.org\/wp-content\/uploads\/2017\/05\/hdf_logo_rgb_big-e1496148855987.jpg?w=400&amp;ssl=1 400w\" sizes=\"auto, (max-width: 300px) 100vw, 300px\" \/>Das HAUS DER FAMILIE ist ein Ort der Begegnung, Begleitung, Bildung und Beratung f\u00fcr Eltern, Kinder und Jugendliche, Gro\u00dfeltern aber auch f\u00fcr alle Menschen, die nach Familienanschluss suchen \u2013 kurz: ein Ort des Miteinanders!<br \/>In unserem HAUS DER FAMILIE werden zahlreiche Begegnungs-, Bildungs- und Beratungsm\u00f6glichkeiten angeboten. Hauptamtliche, freiberufliche und ehrenamtliche Mitarbeiter gestalten die vielf\u00e4ltigen Angebote.<\/p>\n<p><strong><span style=\"color: #ff6600;\">Aus dem Programm:<\/span><\/strong><\/p>\n<ul>\n<li style=\"list-style-type: none;\">\n<ul>\n<li><a href=\"https:\/\/hausderfamilie.org\/index.php\/2024\/10\/06\/ideenreich\/\" target=\"_blank\" rel=\"noopener\">IdeenReich<\/a><\/li>\n<li><a href=\"https:\/\/hausderfamilie.org\/index.php\/2022\/05\/23\/gedanken-tausch-zum-feierabend-fuer-junge-leute\/\" target=\"_blank\" rel=\"noopener\">Gedanken-Tausch zum Feierabend f\u00fcr junge Leute<\/a><\/li>\n<li><a href=\"https:\/\/hausderfamilie.org\/index.php\/2024\/10\/06\/spiele-cafe\/\" target=\"_blank\" rel=\"noopener\">Spiele-Caf\u00e9<\/a><\/li>\n<li><a href=\"https:\/\/hausderfamilie.org\/index.php\/2024\/10\/06\/schneidern-fuer-anfaenger-und-profis\/\" target=\"_blank\" rel=\"noopener\">Schneidern f\u00fcr Anf\u00e4nger und Profis<\/a><\/li>\n<li><a href=\"https:\/\/hausderfamilie.org\/index.php\/2017\/08\/02\/krabbelgruppe\/\">Krabbelgruppe<\/a><\/li>\n<li><a href=\"https:\/\/hausderfamilie.org\/index.php\/2017\/07\/26\/kess-erziehen\/\">Fr\u00fchmusikalische Erziehung<\/a><\/li>\n<li><a href=\"https:\/\/hausderfamilie.org\/index.php\/2017\/08\/02\/trauercafe\/\">Trauercaf\u00e9<\/a><\/li>\n<li><a href=\"https:\/\/hausderfamilie.org\/index.php\/2017\/08\/03\/filmabend\/\">Filmabend<\/a><\/li>\n<li><a href=\"https:\/\/hausderfamilie.org\/index.php\/2024\/10\/20\/fit-im-englisch\/\" target=\"_blank\" rel=\"noopener\">Fit\u00a0 mit Englisch (f\u00fcr Einsteiger ab 55)<\/a><\/li>\n<\/ul>\n<\/li>\n<\/ul>\n<p><strong><span style=\"color: #ff6600;\">Kontakt:<\/span><\/strong><\/p>\n<p>HausDerFamilie(at)friedenskirche-niederschoenhausen.de<\/p>\n\n\n<p class=\"has-luminous-vivid-orange-color has-text-color has-link-color wp-elements-a6ef37720e1d646e5a9ada8cadc5c3ad\"><strong>Unsere n\u00e4chsten Termine:<\/strong><\/p>\n\n\n\n<div data-churchdesk-widget-id=\"GfdyFqHiRfu_\" data-churchdesk-organization-id=\"5477\" data-churchdesk-user-embed=true data-churchdesk-widget-type=\"event\"><\/div><script src=\"https:\/\/widget.churchdesk.com\/widget-loader.js\"><\/script>\n\n\n\n<p><\/p>\n","protected":false},"excerpt":{"rendered":"<p>Im HAUS DER FAMILIE finden Sie bunte und generations\u00fcbergreifende Angebote f\u00fcr die Familie. Dazu gibt es hier Informationen zu \u00d6ffnungszeiten und Ansprechpartnern.<\/p>\n","protected":false},"author":2,"featured_media":590,"parent":0,"menu_order":2,"comment_status":"closed","ping_status":"closed","template":"page-templates\/grid-page.php","meta":{"footnotes":""},"class_list":["post-449","page","type-page","status-publish","has-post-thumbnail","hentry","with-featured-image"],"jetpack_sharing_enabled":false,"_links":{"self":[{"href":"https:\/\/hausderfamilie.org\/index.php\/wp-json\/wp\/v2\/pages\/449","targetHints":{"allow":["GET"]}}],"collection":[{"href":"https:\/\/hausderfamilie.org\/index.php\/wp-json\/wp\/v2\/pages"}],"about":[{"href":"https:\/\/hausderfamilie.org\/index.php\/wp-json\/wp\/v2\/types\/page"}],"author":[{"embeddable":true,"href":"https:\/\/hausderfamilie.org\/index.php\/wp-json\/wp\/v2\/users\/2"}],"replies":[{"embeddable":true,"href":"https:\/\/hausderfamilie.org\/index.php\/wp-json\/wp\/v2\/comments?post=449"}],"version-history":[{"count":11,"href":"https:\/\/hausderfamilie.org\/index.php\/wp-json\/wp\/v2\/pages\/449\/revisions"}],"predecessor-version":[{"id":1729,"href":"https:\/\/hausderfamilie.org\/index.php\/wp-json\/wp\/v2\/pages\/449\/revisions\/1729"}],"wp:featuredmedia":[{"embeddable":true,"href":"https:\/\/hausderfamilie.org\/index.php\/wp-json\/wp\/v2\/media\/590"}],"wp:attachment":[{"href":"https:\/\/hausderfamilie.org\/index.php\/wp-json\/wp\/v2\/media?parent=449"}],"curies":[{"name":"wp","href":"https:\/\/api.w.org\/{rel}","templated":true}]}}